{"id":2125,"date":"2016-07-22T21:04:17","date_gmt":"2016-07-22T19:04:17","guid":{"rendered":"http:\/\/www.schwabingerweihnachtsmarkt.de\/en\/events\/kulturprogramm\/"},"modified":"2022-08-30T17:02:40","modified_gmt":"2022-08-30T15:02:40","slug":"kulturprogramm","status":"publish","type":"page","link":"https:\/\/www.schwabingerweihnachtsmarkt.de\/en\/programme\/kulturprogramm\/","title":{"rendered":"Music and walk acts programme"},"content":{"rendered":"<h1>What`s on<\/h1>\nDas war unser Programm 2025. Das Programm f\u00fcr 2026 ist in Vorbereitung.<br\/><br\/><table class=\"programm\"><tr class=\"newday\"><td class=\"boldcolor programm-day\">fr<\/td><td class=\"boldcolor programm-datum\">28.11.<\/td><td class=\"programm-zeit\">18.00<\/td><td class=\"programm-text\">Unter unserem diesj\u00e4hriges Motto: &#34;Come together \u2013 Kunst verbindet&#34; sind unsere St\u00e4nde am 28. Dezember 2025 bereits ab 12 Uhr\u00a0 ge\u00f6ffnet. Zur feierliche Er\u00f6ffnung des Marktes mit unseren K\u00fcnstlerInnen am Freitag, den 28. November 2025 um 18 Uhr d\u00fcrfen wir dieses Jahr Roland Hefter begr\u00fcssen. Die Band FunCanDo begeleitet uns in unseren ersten Abend.<\/td><td class=\"programm-url\"><a href=\"https:\/\/rolandhefter.de; https:\/\/funcando.de\" target=\"_blank\"><img loading=\"lazy\" decoding=\"async\" src=\"\/wp-content\/themes\/swm2022\/gfx\/url-pfeil.png\" width=\"13\" height=\"16\"\/><\/a><\/td><\/tr><tr class=\"newday\"><td class=\"boldcolor programm-day\">sa<\/td><td class=\"boldcolor programm-datum\">29.11.<\/td><td class=\"programm-zeit\">13.30 - 16.30<\/td><td class=\"programm-text\">Der farbenfrohe Samstags-Workshop mit der K\u00fcnstlerin Hildegard Weinberger: wir malen mit \u00d6l-Pastellkreide auf Papier f\u00fcr Kinder ab 6 Jahre auf der Musikb\u00fchne<\/td><td class=\"programm-url\"><\/td><\/tr><tr class=\"\"><td class=\"boldcolor programm-day\"><\/td><td class=\"boldcolor programm-datum\"><\/td><td class=\"programm-zeit\">18.00<\/td><td class=\"programm-text\">Definitely Soul<\/td><td class=\"programm-url\"><a href=\"http:\/\/www.definitelysoul.de\" target=\"_blank\"><img loading=\"lazy\" decoding=\"async\" src=\"\/wp-content\/themes\/swm2022\/gfx\/url-pfeil.png\" width=\"13\" height=\"16\"\/><\/a><\/td><\/tr><tr class=\"newday\"><td class=\"boldcolor programm-day\">so<\/td><td class=\"boldcolor programm-datum\">30.11.<\/td><td class=\"programm-zeit\">18.00<\/td><td class=\"programm-text\">Trouble Shooters all about soul<\/td><td class=\"programm-url\"><a href=\"http:\/\/www.the-troubleshooters.de\" target=\"_blank\"><img loading=\"lazy\" decoding=\"async\" src=\"\/wp-content\/themes\/swm2022\/gfx\/url-pfeil.png\" width=\"13\" height=\"16\"\/><\/a><\/td><\/tr><tr class=\"newday\"><td class=\"boldcolor programm-day\">mo<\/td><td class=\"boldcolor programm-datum\">01.12.<\/td><td class=\"programm-zeit\">18.00<\/td><td class=\"programm-text\">Kein Live-Act ab 18 Uhr<\/td><td class=\"programm-url\"><\/td><\/tr><tr class=\"newday\"><td class=\"boldcolor programm-day\">di<\/td><td class=\"boldcolor programm-datum\">02.12.<\/td><td class=\"programm-zeit\">18.00<\/td><td class=\"programm-text\">Treibauf Ska-Polka<\/td><td class=\"programm-url\"><a href=\"https:\/\/www.treibauf-band.de\" target=\"_blank\"><img loading=\"lazy\" decoding=\"async\" src=\"\/wp-content\/themes\/swm2022\/gfx\/url-pfeil.png\" width=\"13\" height=\"16\"\/><\/a><\/td><\/tr><tr class=\"newday\"><td class=\"boldcolor programm-day\">mi<\/td><td class=\"boldcolor programm-datum\">03.12.<\/td><td class=\"programm-zeit\">15.00 - 16.00<\/td><td class=\"programm-text\">Tanz aus der Reihe\r\nEin fr\u00f6hlich w\u00e4rmendes Tanzerlebnis ganz ohne Choreografie, aber mit viel Spass, Interaktion und Kreativit\u00e4t. \r\nDie Ohren bleiben auf jeden Fall warm, denn wir tanzen mit einer Silent Disco Anlage.\r\nEine Tanzstunde f\u00fcr jedes Alter und jedes Fitnesslevel, die Lautst\u00e4rke kann jeder individuell regeln.\r\nIm Sommer findet ihr mich auf der Pinakotheken Wiese und nun erstmals als Wintersession hier auf dem sch\u00f6nen Schwabinger Weihnachtmarkt. \r\nKomm doch mal vorbeigetanzt!\r\nTreffpunkt an der Musikb\u00fchne\r\nEine Kooperation von www.tanzausderreihe.de und www.silentmove.de<\/td><td class=\"programm-url\"><a href=\"http:\/\/www.tanzausderreihe.de\" target=\"_blank\"><img loading=\"lazy\" decoding=\"async\" src=\"\/wp-content\/themes\/swm2022\/gfx\/url-pfeil.png\" width=\"13\" height=\"16\"\/><\/a><\/td><\/tr><tr class=\"\"><td class=\"boldcolor programm-day\"><\/td><td class=\"boldcolor programm-datum\"><\/td><td class=\"programm-zeit\">18.00<\/td><td class=\"programm-text\">Kein Live-Act ab 18 Uhr<\/td><td class=\"programm-url\"><\/td><\/tr><tr class=\"newday\"><td class=\"boldcolor programm-day\">do<\/td><td class=\"boldcolor programm-datum\">04.12.<\/td><td class=\"programm-zeit\">18.00<\/td><td class=\"programm-text\">Jazoum<\/td><td class=\"programm-url\"><a href=\"http:\/\/www.jazoum.de\" target=\"_blank\"><img loading=\"lazy\" decoding=\"async\" src=\"\/wp-content\/themes\/swm2022\/gfx\/url-pfeil.png\" width=\"13\" height=\"16\"\/><\/a><\/td><\/tr><tr class=\"newday\"><td class=\"boldcolor programm-day\">fr<\/td><td class=\"boldcolor programm-datum\">05.12.<\/td><td class=\"programm-zeit\">15.00 - 16.30<\/td><td class=\"programm-text\">Der farbenfrohe Freitags Workshop mit der K\u00fcnstlerin Hildegard Weinberger: wir malen mit \u00d6l-Pastellkreide auf Papier f\u00fcr Kinder ab 6 Jahre auf der Musikb\u00fchne<\/td><td class=\"programm-url\"><\/td><\/tr><tr class=\"\"><td class=\"boldcolor programm-day\"><\/td><td class=\"boldcolor programm-datum\"><\/td><td class=\"programm-zeit\">18.00<\/td><td class=\"programm-text\">The Movement<\/td><td class=\"programm-url\"><a href=\"http:\/\/www.the-movement.de\" target=\"_blank\"><img loading=\"lazy\" decoding=\"async\" src=\"\/wp-content\/themes\/swm2022\/gfx\/url-pfeil.png\" width=\"13\" height=\"16\"\/><\/a><\/td><\/tr><tr class=\"newday\"><td class=\"boldcolor programm-day\">sa<\/td><td class=\"boldcolor programm-datum\">06.12.<\/td><td class=\"programm-zeit\">15.00<\/td><td class=\"programm-text\">Koreanische Frauenchor<\/td><td class=\"programm-url\"><\/td><\/tr><tr class=\"\"><td class=\"boldcolor programm-day\"><\/td><td class=\"boldcolor programm-datum\"><\/td><td class=\"programm-zeit\">18.00<\/td><td class=\"programm-text\">TulaTroubles<\/td><td class=\"programm-url\"><a href=\"https:\/\/www.tulatroubles.org\" target=\"_blank\"><img loading=\"lazy\" decoding=\"async\" src=\"\/wp-content\/themes\/swm2022\/gfx\/url-pfeil.png\" width=\"13\" height=\"16\"\/><\/a><\/td><\/tr><tr class=\"newday\"><td class=\"boldcolor programm-day\">so<\/td><td class=\"boldcolor programm-datum\">07.12.<\/td><td class=\"programm-zeit\">13.30 - 16.30<\/td><td class=\"programm-text\">Schnittschablonen-Workshop mit der K\u00fcnstlerin Stephanie Schmitz auf der Musikb\u00fchne f\u00fcr Erwachsene und Kinder ab 7<\/td><td class=\"programm-url\"><\/td><\/tr><tr class=\"\"><td class=\"boldcolor programm-day\"><\/td><td class=\"boldcolor programm-datum\"><\/td><td class=\"programm-zeit\">18.00<\/td><td class=\"programm-text\">Funkzahn<\/td><td class=\"programm-url\"><a href=\"http:\/\/www.funkzahn.de\" target=\"_blank\"><img loading=\"lazy\" decoding=\"async\" src=\"\/wp-content\/themes\/swm2022\/gfx\/url-pfeil.png\" width=\"13\" height=\"16\"\/><\/a><\/td><\/tr><tr class=\"newday\"><td class=\"boldcolor programm-day\">mo<\/td><td class=\"boldcolor programm-datum\">08.12.<\/td><td class=\"programm-zeit\">18.00<\/td><td class=\"programm-text\">Kein Live-Act ab 18 Uhr<\/td><td class=\"programm-url\"><\/td><\/tr><tr class=\"newday\"><td class=\"boldcolor programm-day\">di<\/td><td class=\"boldcolor programm-datum\">09.12.<\/td><td class=\"programm-zeit\">18.00<\/td><td class=\"programm-text\">Christoph Everke, feinste Songlyrik gepaart mit toller Musik<\/td><td class=\"programm-url\"><a href=\"https:\/\/everke.de\" target=\"_blank\"><img loading=\"lazy\" decoding=\"async\" src=\"\/wp-content\/themes\/swm2022\/gfx\/url-pfeil.png\" width=\"13\" height=\"16\"\/><\/a><\/td><\/tr><tr class=\"newday\"><td class=\"boldcolor programm-day\">mi<\/td><td class=\"boldcolor programm-datum\">10.12.<\/td><td class=\"programm-zeit\">15.00 - 16.00<\/td><td class=\"programm-text\">Tanz aus der Reihe\r\nein fr\u00f6hlich w\u00e4rmendes Tanzerlebnis ganz ohne Choreografie, aber mit viel Spass, Interaktion und Kreativit\u00e4t. \r\nDie Ohren bleiben auf jeden Fall warm, denn wir tanzen mit einer Silent Disco Anlage.\r\nEine Tanzstunde f\u00fcr jedes Alter und jedes Fitnesslevel, die Lautst\u00e4rke kann jeder individuell regeln.\r\nZum erstmals als Wintersession hier auf dem sch\u00f6nen Schwabinger Weihnachtmarkt. \r\nKomm doch mal vorbeigetanzt!\r\nTreffpunkt vor der M\u00fcsikb\u00fchne\r\nEine Kooperation von www.tanzausderreihe.de und www.silentmove.de<\/td><td class=\"programm-url\"><a href=\"http:\/\/www.tanzausderreihe.de\" target=\"_blank\"><img loading=\"lazy\" decoding=\"async\" src=\"\/wp-content\/themes\/swm2022\/gfx\/url-pfeil.png\" width=\"13\" height=\"16\"\/><\/a><\/td><\/tr><tr class=\"\"><td class=\"boldcolor programm-day\"><\/td><td class=\"boldcolor programm-datum\"><\/td><td class=\"programm-zeit\">18.00<\/td><td class=\"programm-text\">Kein Live-Act ab 18 Uhr<\/td><td class=\"programm-url\"><\/td><\/tr><tr class=\"newday\"><td class=\"boldcolor programm-day\">do<\/td><td class=\"boldcolor programm-datum\">11.12.<\/td><td class=\"programm-zeit\">18.00<\/td><td class=\"programm-text\">Two for you<\/td><td class=\"programm-url\"><a href=\"http:\/\/Instagram: @twoforyouduo\" target=\"_blank\"><img loading=\"lazy\" decoding=\"async\" src=\"\/wp-content\/themes\/swm2022\/gfx\/url-pfeil.png\" width=\"13\" height=\"16\"\/><\/a><\/td><\/tr><tr class=\"newday\"><td class=\"boldcolor programm-day\">fr<\/td><td class=\"boldcolor programm-datum\">12.12.<\/td><td class=\"programm-zeit\">15.00 - 16.30<\/td><td class=\"programm-text\">Der farbenfrohe Freitags Workshop mit der K\u00fcnstlerin Hildegard Weinberger: wir malen mit \u00d6l-Pastellkreide auf Papier\r\nf\u00fcr Kinder ab 6 Jahreauf der Musikb\u00fchne<\/td><td class=\"programm-url\"><\/td><\/tr><tr class=\"\"><td class=\"boldcolor programm-day\"><\/td><td class=\"boldcolor programm-datum\"><\/td><td class=\"programm-zeit\">18.00<\/td><td class=\"programm-text\">Bab\u00e0 Anarchia<\/td><td class=\"programm-url\"><a href=\"http:\/\/www.Baba-Anarchia.net\" target=\"_blank\"><img loading=\"lazy\" decoding=\"async\" src=\"\/wp-content\/themes\/swm2022\/gfx\/url-pfeil.png\" width=\"13\" height=\"16\"\/><\/a><\/td><\/tr><tr class=\"newday\"><td class=\"boldcolor programm-day\">sa<\/td><td class=\"boldcolor programm-datum\">13.12.<\/td><td class=\"programm-zeit\">13.00<\/td><td class=\"programm-text\">Der Deutsch-Irische Freundeskreis singt f\u00fcr Sie und mit Ihnen<\/td><td class=\"programm-url\"><\/td><\/tr><tr class=\"\"><td class=\"boldcolor programm-day\"><\/td><td class=\"boldcolor programm-datum\"><\/td><td class=\"programm-zeit\">14.30 - 16.00<\/td><td class=\"programm-text\">Schwabing Stadtf\u00fchrung mit Helga Strohmeyer, Treffpunkt Musikb\u00fchne<\/td><td class=\"programm-url\"><\/td><\/tr><tr class=\"\"><td class=\"boldcolor programm-day\"><\/td><td class=\"boldcolor programm-datum\"><\/td><td class=\"programm-zeit\">18.00<\/td><td class=\"programm-text\">Trouble Shooters all about soul<\/td><td class=\"programm-url\"><a href=\"http:\/\/www.the-troubleshooters.de\" target=\"_blank\"><img loading=\"lazy\" decoding=\"async\" src=\"\/wp-content\/themes\/swm2022\/gfx\/url-pfeil.png\" width=\"13\" height=\"16\"\/><\/a><\/td><\/tr><tr class=\"newday\"><td class=\"boldcolor programm-day\">so<\/td><td class=\"boldcolor programm-datum\">14.12.<\/td><td class=\"programm-zeit\">14.00 - 15.00<\/td><td class=\"programm-text\">Chinesisch-deutscher Chor<\/td><td class=\"programm-url\"><\/td><\/tr><tr class=\"\"><td class=\"boldcolor programm-day\"><\/td><td class=\"boldcolor programm-datum\"><\/td><td class=\"programm-zeit\">18.00<\/td><td class=\"programm-text\">Son Compadre<\/td><td class=\"programm-url\"><a href=\"http:\/\/www.son-compadre.de\" target=\"_blank\"><img loading=\"lazy\" decoding=\"async\" src=\"\/wp-content\/themes\/swm2022\/gfx\/url-pfeil.png\" width=\"13\" height=\"16\"\/><\/a><\/td><\/tr><tr class=\"newday\"><td class=\"boldcolor programm-day\">mo<\/td><td class=\"boldcolor programm-datum\">15.12.<\/td><td class=\"programm-zeit\">18.00<\/td><td class=\"programm-text\">Kein Live-Act ab 18 Uhr<\/td><td class=\"programm-url\"><\/td><\/tr><tr class=\"newday\"><td class=\"boldcolor programm-day\">di<\/td><td class=\"boldcolor programm-datum\">16.12.<\/td><td class=\"programm-zeit\">18.00<\/td><td class=\"programm-text\">Maxi R\u00f6mer & The Jokers Band, \r\nRock&#39;n Roll aus M\u00fcnchen<\/td><td class=\"programm-url\"><a href=\"https:\/\/thejokersband.de\/\" target=\"_blank\"><img loading=\"lazy\" decoding=\"async\" src=\"\/wp-content\/themes\/swm2022\/gfx\/url-pfeil.png\" width=\"13\" height=\"16\"\/><\/a><\/td><\/tr><tr class=\"newday\"><td class=\"boldcolor programm-day\">mi<\/td><td class=\"boldcolor programm-datum\">17.12.<\/td><td class=\"programm-zeit\">15.00 - 16.00<\/td><td class=\"programm-text\">Tanz aus der Reihe\r\nein fr\u00f6hlich w\u00e4rmendes Tanzerlebnis ganz ohne Choreografie, aber mit viel Spass, Interaktion und Kreativit\u00e4t. \r\nDie Ohren bleiben auf jeden Fall warm, denn wir tanzen mit einer Silent Disco Anlage.\r\nEine Tanzstunde f\u00fcr jedes Alter und jedes Fitnesslevel, die Lautst\u00e4rke kann jeder individuell regeln.\r\nZum erstmals als Wintersession hier auf dem sch\u00f6nen Schwabinger Weihnachtmarkt. \r\nKomm doch mal vorbeigetanzt!\r\nTreffpunkt vor der M\u00fcsikb\u00fchne\r\nEine Kooperation von www.tanzausderreihe.de und www.silentmove.de<\/td><td class=\"programm-url\"><a href=\"http:\/\/www.tanzausderreihe.de\" target=\"_blank\"><img loading=\"lazy\" decoding=\"async\" src=\"\/wp-content\/themes\/swm2022\/gfx\/url-pfeil.png\" width=\"13\" height=\"16\"\/><\/a><\/td><\/tr><tr class=\"\"><td class=\"boldcolor programm-day\"><\/td><td class=\"boldcolor programm-datum\"><\/td><td class=\"programm-zeit\">18.00<\/td><td class=\"programm-text\">ENTF\u00c4LLT\r\nWeihnachtliches Singen.\r\nDie Singleiterinnen Veronika Lindner und Rahel Comtesse haben ihre Gitarre und Ukulele dabei und laden euch ein zum gemeinsamen Singen von Winter- und Weihnachts-Liedern.\r\n\r\nJeder kann mitsingen, ihr braucht keine Vorkenntnisse!\r\n\r\nFreut Euch auf eine musikalische Reise, die allen einfach Spa\u00df macht!<\/td><td class=\"programm-url\"><a href=\"http:\/\/www.veronikalindner.de  www.rahel-comtesse.de\" target=\"_blank\"><img loading=\"lazy\" decoding=\"async\" src=\"\/wp-content\/themes\/swm2022\/gfx\/url-pfeil.png\" width=\"13\" height=\"16\"\/><\/a><\/td><\/tr><tr class=\"newday\"><td class=\"boldcolor programm-day\">do<\/td><td class=\"boldcolor programm-datum\">18.12.<\/td><td class=\"programm-zeit\">18.00<\/td><td class=\"programm-text\">Titus Waldenfels Band<\/td><td class=\"programm-url\"><a href=\"http:\/\/titus-waldenfels.de\" target=\"_blank\"><img loading=\"lazy\" decoding=\"async\" src=\"\/wp-content\/themes\/swm2022\/gfx\/url-pfeil.png\" width=\"13\" height=\"16\"\/><\/a><\/td><\/tr><tr class=\"newday\"><td class=\"boldcolor programm-day\">fr<\/td><td class=\"boldcolor programm-datum\">19.12.<\/td><td class=\"programm-zeit\">15.00 - 16.30<\/td><td class=\"programm-text\">Der farbenfrohe Freitags Workshop mit der K\u00fcnstlerin Hildegard Weinberger: \r\nwir malen mit \u00d6l-Pastellkreide auf Papier f\u00fcr Kinder ab 6 Jahre auf der Musikb\u00fchne<\/td><td class=\"programm-url\"><\/td><\/tr><tr class=\"\"><td class=\"boldcolor programm-day\"><\/td><td class=\"boldcolor programm-datum\"><\/td><td class=\"programm-zeit\">18.00<\/td><td class=\"programm-text\">Definitely Soul<\/td><td class=\"programm-url\"><a href=\"http:\/\/www.definitelysoul.de\" target=\"_blank\"><img loading=\"lazy\" decoding=\"async\" src=\"\/wp-content\/themes\/swm2022\/gfx\/url-pfeil.png\" width=\"13\" height=\"16\"\/><\/a><\/td><\/tr><tr class=\"newday\"><td class=\"boldcolor programm-day\">sa<\/td><td class=\"boldcolor programm-datum\">20.12.<\/td><td class=\"programm-zeit\">11.00 - 17.00<\/td><td class=\"programm-text\">Auftritt der Jugendlichen Jugendtreff am Biederstein<\/td><td class=\"programm-url\"><a href=\"http:\/\/www.jt-biederstein.de\" target=\"_blank\"><img loading=\"lazy\" decoding=\"async\" src=\"\/wp-content\/themes\/swm2022\/gfx\/url-pfeil.png\" width=\"13\" height=\"16\"\/><\/a><\/td><\/tr><tr class=\"\"><td class=\"boldcolor programm-day\"><\/td><td class=\"boldcolor programm-datum\"><\/td><td class=\"programm-zeit\">18.00<\/td><td class=\"programm-text\">Lizzy Miller<\/td><td class=\"programm-url\"><a href=\"http:\/\/www.lizzymiller.de\" target=\"_blank\"><img loading=\"lazy\" decoding=\"async\" src=\"\/wp-content\/themes\/swm2022\/gfx\/url-pfeil.png\" width=\"13\" height=\"16\"\/><\/a><\/td><\/tr><tr class=\"newday\"><td class=\"boldcolor programm-day\">so<\/td><td class=\"boldcolor programm-datum\">21.12.<\/td><td class=\"programm-zeit\">18.00<\/td><td class=\"programm-text\">The Movement<\/td><td class=\"programm-url\"><a href=\"http:\/\/www.the-movement.de\" target=\"_blank\"><img loading=\"lazy\" decoding=\"async\" src=\"\/wp-content\/themes\/swm2022\/gfx\/url-pfeil.png\" width=\"13\" height=\"16\"\/><\/a><\/td><\/tr><tr class=\"newday\"><td class=\"boldcolor programm-day\">mo<\/td><td class=\"boldcolor programm-datum\">22.12.<\/td><td class=\"programm-zeit\">18.00<\/td><td class=\"programm-text\">Kein Live-Act ab 18 Uhr<\/td><td class=\"programm-url\"><\/td><\/tr><tr class=\"newday\"><td class=\"boldcolor programm-day\">di<\/td><td class=\"boldcolor programm-datum\">23.12.<\/td><td class=\"programm-zeit\">18.00<\/td><td class=\"programm-text\">TuneD<\/td><td class=\"programm-url\"><a href=\"http:\/\/www.tuned-muenchen.de\" target=\"_blank\"><img loading=\"lazy\" decoding=\"async\" src=\"\/wp-content\/themes\/swm2022\/gfx\/url-pfeil.png\" width=\"13\" height=\"16\"\/><\/a><\/td><\/tr><tr class=\"newday\"><td class=\"boldcolor programm-day\">mi<\/td><td class=\"boldcolor programm-datum\">24.12.<\/td><td class=\"programm-zeit\"><\/td><td class=\"programm-text\">Kein Programm<\/td><td class=\"programm-url\"><\/td><\/tr><\/table>\n","protected":false},"excerpt":{"rendered":"<p>What`s on<\/p>\n","protected":false},"author":1,"featured_media":0,"parent":157,"menu_order":20,"comment_status":"closed","ping_status":"closed","template":"","meta":{"ngg_post_thumbnail":0,"footnotes":""},"class_list":["post-2125","page","type-page","status-publish","hentry"],"_links":{"self":[{"href":"https:\/\/www.schwabingerweihnachtsmarkt.de\/en\/wp-json\/wp\/v2\/pages\/2125","targetHints":{"allow":["GET"]}}],"collection":[{"href":"https:\/\/www.schwabingerweihnachtsmarkt.de\/en\/wp-json\/wp\/v2\/pages"}],"about":[{"href":"https:\/\/www.schwabingerweihnachtsmarkt.de\/en\/wp-json\/wp\/v2\/types\/page"}],"author":[{"embeddable":true,"href":"https:\/\/www.schwabingerweihnachtsmarkt.de\/en\/wp-json\/wp\/v2\/users\/1"}],"replies":[{"embeddable":true,"href":"https:\/\/www.schwabingerweihnachtsmarkt.de\/en\/wp-json\/wp\/v2\/comments?post=2125"}],"version-history":[{"count":9,"href":"https:\/\/www.schwabingerweihnachtsmarkt.de\/en\/wp-json\/wp\/v2\/pages\/2125\/revisions"}],"predecessor-version":[{"id":8088,"href":"https:\/\/www.schwabingerweihnachtsmarkt.de\/en\/wp-json\/wp\/v2\/pages\/2125\/revisions\/8088"}],"up":[{"embeddable":true,"href":"https:\/\/www.schwabingerweihnachtsmarkt.de\/en\/wp-json\/wp\/v2\/pages\/157"}],"wp:attachment":[{"href":"https:\/\/www.schwabingerweihnachtsmarkt.de\/en\/wp-json\/wp\/v2\/media?parent=2125"}],"curies":[{"name":"wp","href":"https:\/\/api.w.org\/{rel}","templated":true}]}}